{"id":256,"date":"2021-09-09T15:14:52","date_gmt":"2021-09-09T13:14:52","guid":{"rendered":"http:\/\/www.anzianitorrepaduli.it\/index.php\/mesmerize\/"},"modified":"2025-07-28T13:23:35","modified_gmt":"2025-07-28T11:23:35","slug":"mesmerize","status":"publish","type":"page","link":"https:\/\/www.anzianitorrepaduli.it\/","title":{"rendered":"Front Page"},"content":{"rendered":"\t\t<div data-elementor-type=\"wp-page\" data-elementor-id=\"256\" class=\"elementor elementor-256\">\n\t\t\t\t\t\t<section class=\"elementor-section elementor-top-section elementor-element elementor-element-39ed9aed elementor-section-boxed elementor-section-height-default elementor-section-height-default\" data-id=\"39ed9aed\" data-element_type=\"section\" data-e-type=\"section\">\n\t\t\t\t\t\t<div class=\"elementor-container elementor-column-gap-default\">\n\t\t\t\t\t<div class=\"elementor-column elementor-col-100 elementor-top-column elementor-element elementor-element-68d34e15\" data-id=\"68d34e15\" data-element_type=\"column\" data-e-type=\"column\">\n\t\t\t<div class=\"elementor-widget-wrap elementor-element-populated\">\n\t\t\t\t\t\t<div class=\"elementor-element elementor-element-31f8937d elementor-widget elementor-widget-text-editor\" data-id=\"31f8937d\" data-element_type=\"widget\" data-e-type=\"widget\" data-widget_type=\"text-editor.default\">\n\t\t\t\t<div class=\"elementor-widget-container\">\n\t\t\t\t\t\t\t\t\t<div id=\"who-we-are\" class=\"content-2 content-section content-section-spacing\" style=\"background-color: #f5fafd;\" data-label=\"Who we are\" data-id=\"content-2\" data-export-id=\"content-2\" data-category=\"content\"><div><div class=\"row middle-xs\"><div class=\"col-sm-5 bg-image shadow-large-black\" style=\"background-image: url('http:\/\/www.anzianitorrepaduli.it\/wp-content\/uploads\/2021\/09\/cropped-associazione-anziani-ettore-pasanisi-2.jpg');\" data-bg=\"image\">\u00a0<\/div><div class=\"col-sm-7 full-col-left-padding full-col-right-padding\"><div class=\"row\"><div class=\"space-bottom-small content-title-col\" data-type=\"column\"><h5 class=\"\">Chi siamo<\/h5><h2 class=\"\">Associazione O.D.V.<\/h2><p class=\"\">L\u2019associazione anziani E.Pasanisi nasce a Torrepaduli nel 1998 grazie all\u2019impegno di un gruppo di volontari che nel corso del tempo sono riusciti a coinvolgere sempre pi\u00f9 persone, fino a raggiungere attualmente la quota di 70 soci.<\/p><p>All&#8217;interno del settecentesco palazzo Pasanisi \u00e8 stato realizzato <b>il Museo della Civilt\u00e0 Contadina<\/b>, gestito dal direttivo dell&#8217;associazione con la preziosa collaborazione dei soci anziani.<\/p><p>La nostra mission \u00e8 quella di proporre ai nostri concittadini e alle nuove generazioni la riscoperta degli antichi valori. Grazie alle attivit\u00e0 di volontariato vogliamo supportare le esigenze della popolazione, proponendo un punto di incontro intergenerazionale solido e duraturo.<\/p><p><span style=\"font-family: var( --e-global-typography-text-font-family ), Sans-serif; font-weight: var( --e-global-typography-text-font-weight );\">Se anche tu vuoi fare la differenza, diventa un volontario e contattaci per richiedere il modulo di adesione, saremo felicissimi di averti nel team.<\/span><\/p><\/div><\/div><div class=\"row spaced-cols \" data-type=\"row\"><div class=\"col-xs-6\" data-type=\"column\">\u00a0<\/div><\/div><\/div><\/div><\/div><\/div><div id=\"about\" class=\"content-3 content-section content-section-spacing\" style=\"background-color: #ffffff;\" data-label=\"About\" data-id=\"content-3\" data-export-id=\"content-3\" data-category=\"content\"><div><div class=\"row middle-xs\"><div class=\"col-sm-7 full-col-left-padding full-col-right-padding\"><div class=\"row\"><div class=\"space-bottom-small content-title-col\" data-type=\"column\"><h2 class=\"\">Perch\u00e8 fare volontariato?<\/h2><p class=\"\">Le associazioni dedicate agli anziani sono una risorsa importantissima perch\u00e9 li aiutano a vivere il tempo in modo attivo, infatti, stare in compagnia, confrontarsi con gli altri, sentirsi ascoltati e compresi \u00e8 la strada giusta per contrastare l\u2019invecchiamento e mantenersi in forma.<\/p><p>Inoltre non bisogna dimenticare che far parte di un gruppo come il nostro regala <b>molteplici occasioni di crescita<\/b>, i concittadini pi\u00f9 avanti con l\u2019et\u00e0 mettono a disposizione le proprie competenze in modo che queste non vadano perdute con il passar degli anni, promuovendo cos\u00ec uno scambio tra giovani e meno giovani.<\/p><p>Fare volontariato arricchisce gli altri ma soprattutto noi stessi.<\/p><\/div><\/div><div class=\"row spaced-cols\" data-type=\"row\"><div class=\"col-xs-6\" data-type=\"column\">\u00a0<\/div><\/div><\/div><div class=\"col-sm-5 bg-image shadow-large-black revert-classes-holder\" style=\"background-image: url('http:\/\/www.anzianitorrepaduli.it\/wp-content\/uploads\/2021\/09\/cropped-cropped-cropped-logo-associazione-1.png');\" data-bg=\"image\">\u00a0<\/div><\/div><\/div><\/div><div id=\"events\" class=\"about-1 content-section\" style=\"background-color: #f5fafd;\" data-label=\"Events\" data-id=\"about--1\" data-export-id=\"about-1\" data-category=\"about\"><div class=\"gridContainer\"><div class=\"row text-center\"><div class=\"section-title-col\" data-type=\"column\"><h5 class=\"\">Eventi<\/h5><p class=\"lead\">Alcune foto degli eventi annuali<\/p><\/div><\/div><div class=\"row\"><div class=\"button-holder space-bottom space-bottom-small\" data-type=\"column\">\u00a0<\/div><div class=\"col-xs bottom-xs flexbox image-group-bottom-3-img space-bottom-xs center-xs\"><img decoding=\"async\" class=\"left-img shadow-large-black\" title=\"cropped-tombolo-2-scaled-1.jpg\" src=\"http:\/\/www.anzianitorrepaduli.it\/wp-content\/uploads\/2021\/09\/cropped-tombolo-2-scaled-1.jpg\" alt=\"\" data-size=\"500x300\" \/> <img decoding=\"async\" class=\"center-img shadow-large-black\" title=\"cropped-associazione-ettore-pasanisi-3.jpg\" src=\"http:\/\/www.anzianitorrepaduli.it\/wp-content\/uploads\/2021\/09\/cropped-associazione-ettore-pasanisi-3.jpg\" alt=\"\" data-size=\"500x300\" \/> <img decoding=\"async\" class=\"right-img shadow-large-black\" title=\"cropped-IMG_0487-scaled-1.jpg\" src=\"http:\/\/www.anzianitorrepaduli.it\/wp-content\/uploads\/2021\/09\/cropped-IMG_0487-scaled-1.jpg\" alt=\"\" data-size=\"500x300\" \/><\/div><\/div><\/div><\/div><div id=\"latest_news-1\" class=\"blog-section blog-section-standard content-section content-section-spacing\" style=\"background-color: #f5fafd;\" data-label=\"Latest-news\" data-id=\"latest_news--1\" data-export-id=\"blog-section\" data-category=\"latest_news\"><div class=\"gridContainer\"><div class=\"row\"><div class=\"section-title-col\" data-type=\"column\"><h2 class=\"\">News<\/h2><p class=\"lead\">Rimani sempre aggiornato leggendo gli articoli sul nostro Magazine online<\/p><\/div><\/div><div class=\"row\"><div data-type=\"row\" data-dynamic-columns=\"handled\" data-content-shortcode=\"mesmerize_latest_news\">\t\t<div class=\"row center-sm content-left-sm\">\n\t\t\t\t\t<div id=\"post-854\" class=\"col-sm-6 col-md-4 space-bottom space-bottom-xs\">\n\t\t\t\t<div class=\"post-content card y-move bordered\">\n\t\t\t\t\t\t\t\t\t\t<div class=\"col-padding col-padding-xs\">\n\t\t\t\t\t\t<h3 class=\"post-title space-bottom-small\">\n\t\t\t\t\t\t\t<a href=\"https:\/\/www.anzianitorrepaduli.it\/index.php\/2025\/07\/28\/festa-dellanziano-2025\/\" rel=\"bookmark\">\n\t\t\t\t\t\t\t\tFesta dell&#8217;anziano 2025\t\t\t\t\t\t\t<\/a>\n\t\t\t\t\t\t<\/h3>\n\t\t\t\t\t\t<p>FESTA DELL&#8217;ANZIANO 2025 &#x1f5d3;&#xfe0f; Domenica 3 agosto&#x1f552; Ore 20:30&#x1f4cd; Presso la sede del Museo della Civilt\u00e0 Contadina di Torrepaduli Un appuntamento imperdibile per tutti i nostri soci, amici e familiari!Vi[&hellip;]<\/p>\n\t\t\t\t\t\t<a class=\"read-more link\" href=\"https:\/\/www.anzianitorrepaduli.it\/index.php\/2025\/07\/28\/festa-dellanziano-2025\/\">\n\t\t\t\t\t\t\tRead more\t\t\t\t\t\t<\/a>\n\t\t\t\t\t<\/div>\n\t\t\t\t<\/div>\n\t\t\t<\/div>\n\t\t\t\t\t\t<div id=\"post-795\" class=\"col-sm-6 col-md-4 space-bottom space-bottom-xs\">\n\t\t\t\t<div class=\"post-content card y-move bordered\">\n\t\t\t\t\t\t\t\t\t\t<div class=\"col-padding col-padding-xs\">\n\t\t\t\t\t\t<h3 class=\"post-title space-bottom-small\">\n\t\t\t\t\t\t\t<a href=\"https:\/\/www.anzianitorrepaduli.it\/index.php\/2024\/06\/22\/la-corrida-torrepaduli\/\" rel=\"bookmark\">\n\t\t\t\t\t\t\t\tLa Corrida Torrepaduli\t\t\t\t\t\t\t<\/a>\n\t\t\t\t\t\t<\/h3>\n\t\t\t\t\t\t<p>Il 20 Luglio partir\u00e0 la nuova edizione de &#8220;La Corrida &#8211; dilettanti allo sbaraglio&#8221; che si terr\u00e0 presso il Museo della Civilt\u00e0 contadina di Torrepaduli.<\/p>\n\t\t\t\t\t\t<a class=\"read-more link\" href=\"https:\/\/www.anzianitorrepaduli.it\/index.php\/2024\/06\/22\/la-corrida-torrepaduli\/\">\n\t\t\t\t\t\t\tRead more\t\t\t\t\t\t<\/a>\n\t\t\t\t\t<\/div>\n\t\t\t\t<\/div>\n\t\t\t<\/div>\n\t\t\t\t\t\t<div id=\"post-748\" class=\"col-sm-6 col-md-4 space-bottom space-bottom-xs\">\n\t\t\t\t<div class=\"post-content card y-move bordered\">\n\t\t\t\t\t\t\t\t\t\t<div class=\"col-padding col-padding-xs\">\n\t\t\t\t\t\t<h3 class=\"post-title space-bottom-small\">\n\t\t\t\t\t\t\t<a href=\"https:\/\/www.anzianitorrepaduli.it\/index.php\/2023\/07\/10\/festa-dellanziano-2023\/\" rel=\"bookmark\">\n\t\t\t\t\t\t\t\tFesta dell&#8217;anziano 2023\t\t\t\t\t\t\t<\/a>\n\t\t\t\t\t\t<\/h3>\n\t\t\t\t\t\t\t\t\t\t\t\t<a class=\"read-more link\" href=\"https:\/\/www.anzianitorrepaduli.it\/index.php\/2023\/07\/10\/festa-dellanziano-2023\/\">\n\t\t\t\t\t\t\tRead more\t\t\t\t\t\t<\/a>\n\t\t\t\t\t<\/div>\n\t\t\t\t<\/div>\n\t\t\t<\/div>\n\t\t\t\t<\/div>\n\t<\/div><\/div><div class=\"row\"><div class=\"text-center\"><a class=\"button color1\" href=\"[mesmerize_blog_link]\" data-attr-shortcode=\"href:mesmerize_blog_link\">Continua<\/a><\/div><\/div><\/div><\/div>\t\t\t\t\t\t\t\t<\/div>\n\t\t\t\t<\/div>\n\t\t\t\t\t<\/div>\n\t\t<\/div>\n\t\t\t\t\t<\/div>\n\t\t<\/section>\n\t\t\t\t<\/div>\n\t\t","protected":false},"excerpt":{"rendered":"","protected":false},"author":1,"featured_media":0,"parent":0,"menu_order":0,"comment_status":"closed","ping_status":"closed","template":"page-templates\/homepage.php","meta":{"footnotes":""},"class_list":["post-256","page","type-page","status-publish","hentry"],"_links":{"self":[{"href":"https:\/\/www.anzianitorrepaduli.it\/index.php\/wp-json\/wp\/v2\/pages\/256","targetHints":{"allow":["GET"]}}],"collection":[{"href":"https:\/\/www.anzianitorrepaduli.it\/index.php\/wp-json\/wp\/v2\/pages"}],"about":[{"href":"https:\/\/www.anzianitorrepaduli.it\/index.php\/wp-json\/wp\/v2\/types\/page"}],"author":[{"embeddable":true,"href":"https:\/\/www.anzianitorrepaduli.it\/index.php\/wp-json\/wp\/v2\/users\/1"}],"replies":[{"embeddable":true,"href":"https:\/\/www.anzianitorrepaduli.it\/index.php\/wp-json\/wp\/v2\/comments?post=256"}],"version-history":[{"count":51,"href":"https:\/\/www.anzianitorrepaduli.it\/index.php\/wp-json\/wp\/v2\/pages\/256\/revisions"}],"predecessor-version":[{"id":836,"href":"https:\/\/www.anzianitorrepaduli.it\/index.php\/wp-json\/wp\/v2\/pages\/256\/revisions\/836"}],"wp:attachment":[{"href":"https:\/\/www.anzianitorrepaduli.it\/index.php\/wp-json\/wp\/v2\/media?parent=256"}],"curies":[{"name":"wp","href":"https:\/\/api.w.org\/{rel}","templated":true}]}}